{"id":1545,"date":"2024-12-20T12:07:41","date_gmt":"2024-12-20T11:07:41","guid":{"rendered":"https:\/\/wp.iparl.de\/?page_id=1545"},"modified":"2025-06-25T10:59:38","modified_gmt":"2025-06-25T08:59:38","slug":"list-of-candidates-3","status":"publish","type":"page","link":"https:\/\/www.iparl.de\/en\/unsere-arbeit\/forschung\/kandidatenaufstellung\/kandidatenaufstellung-2017\/studiendesign-des-projekts-uber-die-kandidatenaufstellung-zur-bundestagswahl-2017\/","title":{"rendered":"Study design of the project on the candidate line-up for the 2017 Bundestag election"},"content":{"rendered":"<div data-elementor-type=\"wp-page\" data-elementor-id=\"1545\" class=\"elementor elementor-1545\" data-elementor-post-type=\"page\">\n\t\t\t\t\t\t<section class=\"ob-is-breaking-bad elementor-section elementor-top-section elementor-element elementor-element-33add7a elementor-section-boxed elementor-section-height-default elementor-section-height-default\" data-id=\"33add7a\" data-element_type=\"section\" data-e-type=\"section\" data-settings=\"{&quot;jet_parallax_layout_list&quot;:[],&quot;_ob_bbad_use_it&quot;:&quot;yes&quot;,&quot;_ob_bbad_sssic_use&quot;:&quot;no&quot;}\">\n\t\t\t\t\t\t<div class=\"elementor-container elementor-column-gap-wider\">\n\t\t\t\t\t<div class=\"elementor-column elementor-col-100 elementor-top-column elementor-element elementor-element-1650bfa5\" data-id=\"1650bfa5\" data-element_type=\"column\" data-e-type=\"column\" data-settings=\"{&quot;_ob_bbad_is_stalker&quot;:&quot;no&quot;}\">\n\t\t\t<div class=\"elementor-widget-wrap elementor-element-populated\">\n\t\t\t\t\t\t<div class=\"elementor-element elementor-element-f0668f7 elementor-widget elementor-widget-heading\" data-id=\"f0668f7\" data-element_type=\"widget\" data-e-type=\"widget\" data-settings=\"{&quot;_ob_widget_stalker_use&quot;:&quot;no&quot;}\" data-widget_type=\"heading.default\">\n\t\t\t\t<div class=\"elementor-widget-container\">\n\t\t\t\t\t<h1 class=\"elementor-heading-title elementor-size-default\">Project on the candidate selection for the 2017 Bundestag elections<\/h1>\t\t\t\t<\/div>\n\t\t\t\t<\/div>\n\t\t\t\t<section class=\"ob-is-breaking-bad ob-bb-inner elementor-section elementor-inner-section elementor-element elementor-element-48dd6fa elementor-section-boxed elementor-section-height-default elementor-section-height-default\" data-id=\"48dd6fa\" data-element_type=\"section\" data-e-type=\"section\" data-settings=\"{&quot;jet_parallax_layout_list&quot;:[],&quot;_ob_bbad_use_it&quot;:&quot;yes&quot;,&quot;_ob_bbad_sssic_use&quot;:&quot;no&quot;}\">\n\t\t\t\t\t\t<div class=\"elementor-container elementor-column-gap-default\">\n\t\t\t\t\t<div class=\"elementor-column elementor-col-50 elementor-inner-column elementor-element elementor-element-a6cbfec\" data-id=\"a6cbfec\" data-element_type=\"column\" data-e-type=\"column\" data-settings=\"{&quot;_ob_bbad_is_stalker&quot;:&quot;no&quot;}\">\n\t\t\t<div class=\"elementor-widget-wrap elementor-element-populated\">\n\t\t\t\t\t\t<div class=\"elementor-element elementor-element-85c07cf elementor-widget elementor-widget-text-editor\" data-id=\"85c07cf\" data-element_type=\"widget\" data-e-type=\"widget\" data-settings=\"{&quot;_ob_widget_stalker_use&quot;:&quot;no&quot;}\" data-widget_type=\"text-editor.default\">\n\t\t\t\t<div class=\"elementor-widget-container\">\n\t\t\t\t\t\t\t\t\t<p>The project is based on a representative survey of candidates, delegates and party members using standardised questionnaires at the constituency meetings in 104 constituencies and 52 regional associations. We worked together with the opinion research institutes policy matters by Richard Hilmer and USUMA GmbH. In addition, we conducted participant observation and background interviews in order to gain a comprehensive picture of the nomination meetings and the upstream decision-making processes, which have hardly been researched to date.<\/p>\t\t\t\t\t\t\t\t<\/div>\n\t\t\t\t<\/div>\n\t\t\t\t\t<\/div>\n\t\t<\/div>\n\t\t\t\t<div class=\"elementor-column elementor-col-50 elementor-inner-column elementor-element elementor-element-ef2bfe9\" data-id=\"ef2bfe9\" data-element_type=\"column\" data-e-type=\"column\" data-settings=\"{&quot;_ob_bbad_is_stalker&quot;:&quot;no&quot;}\">\n\t\t\t<div class=\"elementor-widget-wrap elementor-element-populated\">\n\t\t\t\t\t\t<div class=\"elementor-element elementor-element-a2c6226 elementor-widget elementor-widget-image\" data-id=\"a2c6226\" data-element_type=\"widget\" data-e-type=\"widget\" data-settings=\"{&quot;_ob_widget_stalker_use&quot;:&quot;no&quot;}\" data-widget_type=\"image.default\">\n\t\t\t\t<div class=\"elementor-widget-container\">\n\t\t\t\t\t\t\t\t\t\t\t\t\t\t\t<img fetchpriority=\"high\" decoding=\"async\" width=\"300\" height=\"291\" src=\"https:\/\/www.iparl.de\/wp-content\/uploads\/2024\/12\/iparl-interaktive-deutschlandkarte-300x291.png\" class=\"attachment-medium size-medium wp-image-1546\" alt=\"\" srcset=\"https:\/\/www.iparl.de\/wp-content\/uploads\/2024\/12\/iparl-interaktive-deutschlandkarte-300x291.png 300w, https:\/\/www.iparl.de\/wp-content\/uploads\/2024\/12\/iparl-interaktive-deutschlandkarte-12x12.png 12w, https:\/\/www.iparl.de\/wp-content\/uploads\/2024\/12\/iparl-interaktive-deutschlandkarte.png 592w\" sizes=\"(max-width: 300px) 100vw, 300px\" \/>\t\t\t\t\t\t\t\t\t\t\t\t\t\t\t<\/div>\n\t\t\t\t<\/div>\n\t\t\t\t\t<\/div>\n\t\t<\/div>\n\t\t\t\t\t<\/div>\n\t\t<\/section>\n\t\t\t\t\t<\/div>\n\t\t<\/div>\n\t\t\t\t\t<\/div>\n\t\t<\/section>\n\t\t\t\t<section class=\"ob-is-breaking-bad elementor-section elementor-top-section elementor-element elementor-element-e686244 elementor-section-boxed elementor-section-height-default elementor-section-height-default\" data-id=\"e686244\" data-element_type=\"section\" data-e-type=\"section\" data-settings=\"{&quot;jet_parallax_layout_list&quot;:[],&quot;_ob_bbad_use_it&quot;:&quot;yes&quot;,&quot;_ob_bbad_sssic_use&quot;:&quot;no&quot;}\">\n\t\t\t\t\t\t<div class=\"elementor-container elementor-column-gap-default\">\n\t\t\t\t\t<div class=\"elementor-column elementor-col-100 elementor-top-column elementor-element elementor-element-e8a6a0a\" data-id=\"e8a6a0a\" data-element_type=\"column\" data-e-type=\"column\" data-settings=\"{&quot;_ob_bbad_is_stalker&quot;:&quot;no&quot;}\">\n\t\t\t<div class=\"elementor-widget-wrap elementor-element-populated\">\n\t\t\t\t\t\t<div class=\"elementor-element elementor-element-43ae388 elementor-widget elementor-widget-spacer\" data-id=\"43ae388\" data-element_type=\"widget\" data-e-type=\"widget\" data-settings=\"{&quot;_ob_widget_stalker_use&quot;:&quot;no&quot;}\" data-widget_type=\"spacer.default\">\n\t\t\t\t<div class=\"elementor-widget-container\">\n\t\t\t\t\t\t\t<div class=\"elementor-spacer\">\n\t\t\t<div class=\"elementor-spacer-inner\"><\/div>\n\t\t<\/div>\n\t\t\t\t\t\t<\/div>\n\t\t\t\t<\/div>\n\t\t\t\t\t<\/div>\n\t\t<\/div>\n\t\t\t\t\t<\/div>\n\t\t<\/section>\n\t\t\t\t<section class=\"ob-is-breaking-bad elementor-section elementor-top-section elementor-element elementor-element-dc47068 elementor-section-boxed elementor-section-height-default elementor-section-height-default\" data-id=\"dc47068\" data-element_type=\"section\" data-e-type=\"section\" data-settings=\"{&quot;jet_parallax_layout_list&quot;:[],&quot;_ob_bbad_use_it&quot;:&quot;yes&quot;,&quot;_ob_bbad_sssic_use&quot;:&quot;no&quot;}\">\n\t\t\t\t\t\t<div class=\"elementor-container elementor-column-gap-default\">\n\t\t\t\t\t<div class=\"elementor-column elementor-col-50 elementor-top-column elementor-element elementor-element-2c58e70\" data-id=\"2c58e70\" data-element_type=\"column\" data-e-type=\"column\" data-settings=\"{&quot;_ob_bbad_is_stalker&quot;:&quot;no&quot;}\">\n\t\t\t<div class=\"elementor-widget-wrap elementor-element-populated\">\n\t\t\t\t\t\t<div class=\"elementor-element elementor-element-13d28fc elementor-widget elementor-widget-heading\" data-id=\"13d28fc\" data-element_type=\"widget\" data-e-type=\"widget\" data-settings=\"{&quot;_ob_widget_stalker_use&quot;:&quot;no&quot;}\" data-widget_type=\"heading.default\">\n\t\t\t\t<div class=\"elementor-widget-container\">\n\t\t\t\t\t<h2 class=\"elementor-heading-title elementor-size-default\">Standardised survey with questionnaires<\/h2>\t\t\t\t<\/div>\n\t\t\t\t<\/div>\n\t\t\t\t<div class=\"elementor-element elementor-element-bf6bc79 elementor-widget elementor-widget-text-editor\" data-id=\"bf6bc79\" data-element_type=\"widget\" data-e-type=\"widget\" data-settings=\"{&quot;_ob_widget_stalker_use&quot;:&quot;no&quot;}\" data-widget_type=\"text-editor.default\">\n\t\t\t\t<div class=\"elementor-widget-container\">\n\t\t\t\t\t\t\t\t\t<p>19,785 party members were surveyed in 104 constituencies and 52 lists by the Berlin-based opinion research institute policy matters. The response rate was 51.1%. Four largely identical questionnaires were distributed, differentiated according to the status of the respondents (candidates or selectors) and selection level (constituency or state level). Further information on the representative survey for the candidate nomination can be found in the accompanying <a href=\"https:\/\/www.iparl.de\/wp-content\/uploads\/2024\/12\/IParl-Methodenbericht_Kandidatenbefragung-1.pdf\">Method report<\/a>.<br \/>Information on data protection in the context of our project can be found <a href=\"https:\/\/www.iparl.de\/wp-content\/uploads\/2024\/12\/Datenschutzerklaerung.pdf\">here<\/a>.<\/p>\t\t\t\t\t\t\t\t<\/div>\n\t\t\t\t<\/div>\n\t\t\t\t<div class=\"elementor-element elementor-element-3a67c6e elementor-list-item-link-inline elementor-icon-list--layout-traditional elementor-widget elementor-widget-icon-list\" data-id=\"3a67c6e\" data-element_type=\"widget\" data-e-type=\"widget\" data-settings=\"{&quot;_ob_widget_stalker_use&quot;:&quot;no&quot;}\" data-widget_type=\"icon-list.default\">\n\t\t\t\t<div class=\"elementor-widget-container\">\n\t\t\t\t\t\t\t<ul class=\"elementor-icon-list-items\">\n\t\t\t\t\t\t\t<li class=\"elementor-icon-list-item\">\n\t\t\t\t\t\t\t\t\t\t\t<a href=\"https:\/\/www.iparl.de\/wp-content\/uploads\/2024\/12\/IParl_Fragebogen_Elektoren_Wahlkreisebene.pdf\">\n\n\t\t\t\t\t\t\t\t\t\t\t\t<span class=\"elementor-icon-list-icon\">\n\t\t\t\t\t\t\t<svg aria-hidden=\"true\" class=\"e-font-icon-svg e-fas-file-pdf\" viewbox=\"0 0 384 512\" xmlns=\"http:\/\/www.w3.org\/2000\/svg\"><path d=\"M181.9 256.1c-5-16-4.9-46.9-2-46.9 8.4 0 7.6 36.9 2 46.9zm-1.7 47.2c-7.7 20.2-17.3 43.3-28.4 62.7 18.3-7 39-17.2 62.9-21.9-12.7-9.6-24.9-23.4-34.5-40.8zM86.1 428.1c0 .8 13.2-5.4 34.9-40.2-6.7 6.3-29.1 24.5-34.9 40.2zM248 160h136v328c0 13.3-10.7 24-24 24H24c-13.3 0-24-10.7-24-24V24C0 10.7 10.7 0 24 0h200v136c0 13.2 10.8 24 24 24zm-8 171.8c-20-12.2-33.3-29-42.7-53.8 4.5-18.5 11.6-46.6 6.2-64.2-4.7-29.4-42.4-26.5-47.8-6.8-5 18.3-.4 44.1 8.1 77-11.6 27.6-28.7 64.6-40.8 85.8-.1 0-.1.1-.2.1-27.1 13.9-73.6 44.5-54.5 68 5.6 6.9 16 10 21.5 10 17.9 0 35.7-18 61.1-61.8 25.8-8.5 54.1-19.1 79-23.2 21.7 11.8 47.1 19.5 64 19.5 29.2 0 31.2-32 19.7-43.4-13.9-13.6-54.3-9.7-73.6-7.2zM377 105L279 7c-4.5-4.5-10.6-7-17-7h-6v128h128v-6.1c0-6.3-2.5-12.4-7-16.9zm-74.1 255.3c4.1-2.7-2.5-11.9-42.8-9 37.1 15.8 42.8 9 42.8 9z\"><\/path><\/svg>\t\t\t\t\t\t<\/span>\n\t\t\t\t\t\t\t\t\t\t<span class=\"elementor-icon-list-text\">Download: IParl questionnaire for voters in the constituency<\/span>\n\t\t\t\t\t\t\t\t\t\t\t<\/a>\n\t\t\t\t\t\t\t\t\t<\/li>\n\t\t\t\t\t\t<\/ul>\n\t\t\t\t\t\t<\/div>\n\t\t\t\t<\/div>\n\t\t\t\t<div class=\"elementor-element elementor-element-25e3b66 elementor-list-item-link-inline elementor-icon-list--layout-traditional elementor-widget elementor-widget-icon-list\" data-id=\"25e3b66\" data-element_type=\"widget\" data-e-type=\"widget\" data-settings=\"{&quot;_ob_widget_stalker_use&quot;:&quot;no&quot;}\" data-widget_type=\"icon-list.default\">\n\t\t\t\t<div class=\"elementor-widget-container\">\n\t\t\t\t\t\t\t<ul class=\"elementor-icon-list-items\">\n\t\t\t\t\t\t\t<li class=\"elementor-icon-list-item\">\n\t\t\t\t\t\t\t\t\t\t\t<a href=\"https:\/\/www.iparl.de\/wp-content\/uploads\/2024\/12\/IParl_Fragebogen_Kandidierende_Wahlkreisebene.pdf\">\n\n\t\t\t\t\t\t\t\t\t\t\t\t<span class=\"elementor-icon-list-icon\">\n\t\t\t\t\t\t\t<svg aria-hidden=\"true\" class=\"e-font-icon-svg e-fas-file-pdf\" viewbox=\"0 0 384 512\" xmlns=\"http:\/\/www.w3.org\/2000\/svg\"><path d=\"M181.9 256.1c-5-16-4.9-46.9-2-46.9 8.4 0 7.6 36.9 2 46.9zm-1.7 47.2c-7.7 20.2-17.3 43.3-28.4 62.7 18.3-7 39-17.2 62.9-21.9-12.7-9.6-24.9-23.4-34.5-40.8zM86.1 428.1c0 .8 13.2-5.4 34.9-40.2-6.7 6.3-29.1 24.5-34.9 40.2zM248 160h136v328c0 13.3-10.7 24-24 24H24c-13.3 0-24-10.7-24-24V24C0 10.7 10.7 0 24 0h200v136c0 13.2 10.8 24 24 24zm-8 171.8c-20-12.2-33.3-29-42.7-53.8 4.5-18.5 11.6-46.6 6.2-64.2-4.7-29.4-42.4-26.5-47.8-6.8-5 18.3-.4 44.1 8.1 77-11.6 27.6-28.7 64.6-40.8 85.8-.1 0-.1.1-.2.1-27.1 13.9-73.6 44.5-54.5 68 5.6 6.9 16 10 21.5 10 17.9 0 35.7-18 61.1-61.8 25.8-8.5 54.1-19.1 79-23.2 21.7 11.8 47.1 19.5 64 19.5 29.2 0 31.2-32 19.7-43.4-13.9-13.6-54.3-9.7-73.6-7.2zM377 105L279 7c-4.5-4.5-10.6-7-17-7h-6v128h128v-6.1c0-6.3-2.5-12.4-7-16.9zm-74.1 255.3c4.1-2.7-2.5-11.9-42.8-9 37.1 15.8 42.8 9 42.8 9z\"><\/path><\/svg>\t\t\t\t\t\t<\/span>\n\t\t\t\t\t\t\t\t\t\t<span class=\"elementor-icon-list-text\">Download: IParl questionnaire for candidates in the constituency<\/span>\n\t\t\t\t\t\t\t\t\t\t\t<\/a>\n\t\t\t\t\t\t\t\t\t<\/li>\n\t\t\t\t\t\t<\/ul>\n\t\t\t\t\t\t<\/div>\n\t\t\t\t<\/div>\n\t\t\t\t<div class=\"elementor-element elementor-element-d5cd301 elementor-list-item-link-inline elementor-icon-list--layout-traditional elementor-widget elementor-widget-icon-list\" data-id=\"d5cd301\" data-element_type=\"widget\" data-e-type=\"widget\" data-settings=\"{&quot;_ob_widget_stalker_use&quot;:&quot;no&quot;}\" data-widget_type=\"icon-list.default\">\n\t\t\t\t<div class=\"elementor-widget-container\">\n\t\t\t\t\t\t\t<ul class=\"elementor-icon-list-items\">\n\t\t\t\t\t\t\t<li class=\"elementor-icon-list-item\">\n\t\t\t\t\t\t\t\t\t\t\t<a href=\"https:\/\/www.iparl.de\/wp-content\/uploads\/2024\/12\/IParl_Fragebogen_Elektoren_Landesebene.pdf\">\n\n\t\t\t\t\t\t\t\t\t\t\t\t<span class=\"elementor-icon-list-icon\">\n\t\t\t\t\t\t\t<svg aria-hidden=\"true\" class=\"e-font-icon-svg e-fas-file-pdf\" viewbox=\"0 0 384 512\" xmlns=\"http:\/\/www.w3.org\/2000\/svg\"><path d=\"M181.9 256.1c-5-16-4.9-46.9-2-46.9 8.4 0 7.6 36.9 2 46.9zm-1.7 47.2c-7.7 20.2-17.3 43.3-28.4 62.7 18.3-7 39-17.2 62.9-21.9-12.7-9.6-24.9-23.4-34.5-40.8zM86.1 428.1c0 .8 13.2-5.4 34.9-40.2-6.7 6.3-29.1 24.5-34.9 40.2zM248 160h136v328c0 13.3-10.7 24-24 24H24c-13.3 0-24-10.7-24-24V24C0 10.7 10.7 0 24 0h200v136c0 13.2 10.8 24 24 24zm-8 171.8c-20-12.2-33.3-29-42.7-53.8 4.5-18.5 11.6-46.6 6.2-64.2-4.7-29.4-42.4-26.5-47.8-6.8-5 18.3-.4 44.1 8.1 77-11.6 27.6-28.7 64.6-40.8 85.8-.1 0-.1.1-.2.1-27.1 13.9-73.6 44.5-54.5 68 5.6 6.9 16 10 21.5 10 17.9 0 35.7-18 61.1-61.8 25.8-8.5 54.1-19.1 79-23.2 21.7 11.8 47.1 19.5 64 19.5 29.2 0 31.2-32 19.7-43.4-13.9-13.6-54.3-9.7-73.6-7.2zM377 105L279 7c-4.5-4.5-10.6-7-17-7h-6v128h128v-6.1c0-6.3-2.5-12.4-7-16.9zm-74.1 255.3c4.1-2.7-2.5-11.9-42.8-9 37.1 15.8 42.8 9 42.8 9z\"><\/path><\/svg>\t\t\t\t\t\t<\/span>\n\t\t\t\t\t\t\t\t\t\t<span class=\"elementor-icon-list-text\">Download: IParl questionnaire for selectors at the state level<\/span>\n\t\t\t\t\t\t\t\t\t\t\t<\/a>\n\t\t\t\t\t\t\t\t\t<\/li>\n\t\t\t\t\t\t<\/ul>\n\t\t\t\t\t\t<\/div>\n\t\t\t\t<\/div>\n\t\t\t\t<div class=\"elementor-element elementor-element-783ecac elementor-list-item-link-inline elementor-icon-list--layout-traditional elementor-widget elementor-widget-icon-list\" data-id=\"783ecac\" data-element_type=\"widget\" data-e-type=\"widget\" data-settings=\"{&quot;_ob_widget_stalker_use&quot;:&quot;no&quot;}\" data-widget_type=\"icon-list.default\">\n\t\t\t\t<div class=\"elementor-widget-container\">\n\t\t\t\t\t\t\t<ul class=\"elementor-icon-list-items\">\n\t\t\t\t\t\t\t<li class=\"elementor-icon-list-item\">\n\t\t\t\t\t\t\t\t\t\t\t<a href=\"https:\/\/www.iparl.de\/wp-content\/uploads\/2024\/12\/IParl_Fragebogen_Kandidierende_Landesebene-1.pdf\">\n\n\t\t\t\t\t\t\t\t\t\t\t\t<span class=\"elementor-icon-list-icon\">\n\t\t\t\t\t\t\t<svg aria-hidden=\"true\" class=\"e-font-icon-svg e-fas-file-pdf\" viewbox=\"0 0 384 512\" xmlns=\"http:\/\/www.w3.org\/2000\/svg\"><path d=\"M181.9 256.1c-5-16-4.9-46.9-2-46.9 8.4 0 7.6 36.9 2 46.9zm-1.7 47.2c-7.7 20.2-17.3 43.3-28.4 62.7 18.3-7 39-17.2 62.9-21.9-12.7-9.6-24.9-23.4-34.5-40.8zM86.1 428.1c0 .8 13.2-5.4 34.9-40.2-6.7 6.3-29.1 24.5-34.9 40.2zM248 160h136v328c0 13.3-10.7 24-24 24H24c-13.3 0-24-10.7-24-24V24C0 10.7 10.7 0 24 0h200v136c0 13.2 10.8 24 24 24zm-8 171.8c-20-12.2-33.3-29-42.7-53.8 4.5-18.5 11.6-46.6 6.2-64.2-4.7-29.4-42.4-26.5-47.8-6.8-5 18.3-.4 44.1 8.1 77-11.6 27.6-28.7 64.6-40.8 85.8-.1 0-.1.1-.2.1-27.1 13.9-73.6 44.5-54.5 68 5.6 6.9 16 10 21.5 10 17.9 0 35.7-18 61.1-61.8 25.8-8.5 54.1-19.1 79-23.2 21.7 11.8 47.1 19.5 64 19.5 29.2 0 31.2-32 19.7-43.4-13.9-13.6-54.3-9.7-73.6-7.2zM377 105L279 7c-4.5-4.5-10.6-7-17-7h-6v128h128v-6.1c0-6.3-2.5-12.4-7-16.9zm-74.1 255.3c4.1-2.7-2.5-11.9-42.8-9 37.1 15.8 42.8 9 42.8 9z\"><\/path><\/svg>\t\t\t\t\t\t<\/span>\n\t\t\t\t\t\t\t\t\t\t<span class=\"elementor-icon-list-text\">Download: IParl questionnaire for candidates at the state level<\/span>\n\t\t\t\t\t\t\t\t\t\t\t<\/a>\n\t\t\t\t\t\t\t\t\t<\/li>\n\t\t\t\t\t\t<\/ul>\n\t\t\t\t\t\t<\/div>\n\t\t\t\t<\/div>\n\t\t\t\t\t<\/div>\n\t\t<\/div>\n\t\t\t\t<div class=\"elementor-column elementor-col-50 elementor-top-column elementor-element elementor-element-ef78a15\" data-id=\"ef78a15\" data-element_type=\"column\" data-e-type=\"column\" data-settings=\"{&quot;_ob_bbad_is_stalker&quot;:&quot;no&quot;}\">\n\t\t\t<div class=\"elementor-widget-wrap elementor-element-populated\">\n\t\t\t\t\t\t<div class=\"elementor-element elementor-element-409a334 elementor-widget elementor-widget-image\" data-id=\"409a334\" data-element_type=\"widget\" data-e-type=\"widget\" data-settings=\"{&quot;_ob_widget_stalker_use&quot;:&quot;no&quot;}\" data-widget_type=\"image.default\">\n\t\t\t\t<div class=\"elementor-widget-container\">\n\t\t\t\t\t\t\t\t\t\t\t\t\t\t\t<img decoding=\"async\" width=\"500\" height=\"334\" src=\"https:\/\/www.iparl.de\/wp-content\/uploads\/2024\/07\/IParl_Diaby.jpg\" class=\"attachment-large size-large wp-image-877\" alt=\"IParl employee during field research\" srcset=\"https:\/\/www.iparl.de\/wp-content\/uploads\/2024\/07\/IParl_Diaby.jpg 500w, https:\/\/www.iparl.de\/wp-content\/uploads\/2024\/07\/IParl_Diaby-300x200.jpg 300w\" sizes=\"(max-width: 500px) 100vw, 500px\" \/>\t\t\t\t\t\t\t\t\t\t\t\t\t\t\t<\/div>\n\t\t\t\t<\/div>\n\t\t\t\t\t<\/div>\n\t\t<\/div>\n\t\t\t\t\t<\/div>\n\t\t<\/section>\n\t\t\t\t<section class=\"ob-is-breaking-bad elementor-section elementor-top-section elementor-element elementor-element-cd865bf elementor-section-boxed elementor-section-height-default elementor-section-height-default\" data-id=\"cd865bf\" data-element_type=\"section\" data-e-type=\"section\" data-settings=\"{&quot;jet_parallax_layout_list&quot;:[],&quot;_ob_bbad_use_it&quot;:&quot;yes&quot;,&quot;_ob_bbad_sssic_use&quot;:&quot;no&quot;}\">\n\t\t\t\t\t\t<div class=\"elementor-container elementor-column-gap-default\">\n\t\t\t\t\t<div class=\"elementor-column elementor-col-100 elementor-top-column elementor-element elementor-element-5f1df3b\" data-id=\"5f1df3b\" data-element_type=\"column\" data-e-type=\"column\" data-settings=\"{&quot;_ob_bbad_is_stalker&quot;:&quot;no&quot;}\">\n\t\t\t<div class=\"elementor-widget-wrap elementor-element-populated\">\n\t\t\t\t\t\t<div class=\"elementor-element elementor-element-6114470 elementor-widget elementor-widget-spacer\" data-id=\"6114470\" data-element_type=\"widget\" data-e-type=\"widget\" data-settings=\"{&quot;_ob_widget_stalker_use&quot;:&quot;no&quot;}\" data-widget_type=\"spacer.default\">\n\t\t\t\t<div class=\"elementor-widget-container\">\n\t\t\t\t\t\t\t<div class=\"elementor-spacer\">\n\t\t\t<div class=\"elementor-spacer-inner\"><\/div>\n\t\t<\/div>\n\t\t\t\t\t\t<\/div>\n\t\t\t\t<\/div>\n\t\t\t\t\t<\/div>\n\t\t<\/div>\n\t\t\t\t\t<\/div>\n\t\t<\/section>\n\t\t\t\t<section class=\"ob-is-breaking-bad elementor-section elementor-top-section elementor-element elementor-element-5c359b9 elementor-section-boxed elementor-section-height-default elementor-section-height-default\" data-id=\"5c359b9\" data-element_type=\"section\" data-e-type=\"section\" data-settings=\"{&quot;jet_parallax_layout_list&quot;:[],&quot;_ob_bbad_use_it&quot;:&quot;yes&quot;,&quot;_ob_bbad_sssic_use&quot;:&quot;no&quot;}\">\n\t\t\t\t\t\t<div class=\"elementor-container elementor-column-gap-default\">\n\t\t\t\t\t<div class=\"elementor-column elementor-col-50 elementor-top-column elementor-element elementor-element-6d824fa\" data-id=\"6d824fa\" data-element_type=\"column\" data-e-type=\"column\" data-settings=\"{&quot;_ob_bbad_is_stalker&quot;:&quot;no&quot;}\">\n\t\t\t<div class=\"elementor-widget-wrap elementor-element-populated\">\n\t\t\t\t\t\t<div class=\"elementor-element elementor-element-53a67ea elementor-widget elementor-widget-heading\" data-id=\"53a67ea\" data-element_type=\"widget\" data-e-type=\"widget\" data-settings=\"{&quot;_ob_widget_stalker_use&quot;:&quot;no&quot;}\" data-widget_type=\"heading.default\">\n\t\t\t\t<div class=\"elementor-widget-container\">\n\t\t\t\t\t<h2 class=\"elementor-heading-title elementor-size-default\">Partially standardised guided interviews<\/h2>\t\t\t\t<\/div>\n\t\t\t\t<\/div>\n\t\t\t\t<div class=\"elementor-element elementor-element-879e0b1 elementor-widget elementor-widget-text-editor\" data-id=\"879e0b1\" data-element_type=\"widget\" data-e-type=\"widget\" data-settings=\"{&quot;_ob_widget_stalker_use&quot;:&quot;no&quot;}\" data-widget_type=\"text-editor.default\">\n\t\t\t\t<div class=\"elementor-widget-container\">\n\t\t\t\t\t\t\t\t\t<p>The aim of the qualitative survey is to reconstruct events and decisions that took place before the constituency meetings. To this end, 425 semi-standardised guided interviews were conducted with party members, 228 of which were at constituency level and 197 at state level. The audio material, totalling 63 hours, was fully transcribed. The transcripts and notes are currently being analysed using the MAXQDA analysis software.<\/p><p>Further information on the semi-standardised guided interviews can be found in the accompanying <a href=\"https:\/\/www.iparl.de\/wp-content\/uploads\/2024\/12\/Methodenbericht-Qualitative-Interviews.pdf\">Method report<\/a>.<\/p>\t\t\t\t\t\t\t\t<\/div>\n\t\t\t\t<\/div>\n\t\t\t\t\t<\/div>\n\t\t<\/div>\n\t\t\t\t<div class=\"elementor-column elementor-col-50 elementor-top-column elementor-element elementor-element-ddf07ea\" data-id=\"ddf07ea\" data-element_type=\"column\" data-e-type=\"column\" data-settings=\"{&quot;_ob_bbad_is_stalker&quot;:&quot;no&quot;}\">\n\t\t\t<div class=\"elementor-widget-wrap elementor-element-populated\">\n\t\t\t\t\t\t<div class=\"elementor-element elementor-element-98c7378 elementor-widget elementor-widget-image\" data-id=\"98c7378\" data-element_type=\"widget\" data-e-type=\"widget\" data-settings=\"{&quot;_ob_widget_stalker_use&quot;:&quot;no&quot;}\" data-widget_type=\"image.default\">\n\t\t\t\t<div class=\"elementor-widget-container\">\n\t\t\t\t\t\t\t\t\t\t\t\t\t\t\t<img decoding=\"async\" width=\"169\" height=\"300\" src=\"https:\/\/www.iparl.de\/wp-content\/uploads\/2024\/12\/IMG-20170325-WA0013-169x300.jpg\" class=\"attachment-medium size-medium wp-image-1565\" alt=\"\" srcset=\"https:\/\/www.iparl.de\/wp-content\/uploads\/2024\/12\/IMG-20170325-WA0013-169x300.jpg 169w, https:\/\/www.iparl.de\/wp-content\/uploads\/2024\/12\/IMG-20170325-WA0013-576x1024.jpg 576w, https:\/\/www.iparl.de\/wp-content\/uploads\/2024\/12\/IMG-20170325-WA0013-7x12.jpg 7w, https:\/\/www.iparl.de\/wp-content\/uploads\/2024\/12\/IMG-20170325-WA0013.jpg 747w\" sizes=\"(max-width: 169px) 100vw, 169px\" \/>\t\t\t\t\t\t\t\t\t\t\t\t\t\t\t<\/div>\n\t\t\t\t<\/div>\n\t\t\t\t\t<\/div>\n\t\t<\/div>\n\t\t\t\t\t<\/div>\n\t\t<\/section>\n\t\t\t\t<section class=\"ob-is-breaking-bad elementor-section elementor-top-section elementor-element elementor-element-626f935 elementor-section-boxed elementor-section-height-default elementor-section-height-default\" data-id=\"626f935\" data-element_type=\"section\" data-e-type=\"section\" data-settings=\"{&quot;jet_parallax_layout_list&quot;:[],&quot;_ob_bbad_use_it&quot;:&quot;yes&quot;,&quot;_ob_bbad_sssic_use&quot;:&quot;no&quot;}\">\n\t\t\t\t\t\t<div class=\"elementor-container elementor-column-gap-default\">\n\t\t\t\t\t<div class=\"elementor-column elementor-col-100 elementor-top-column elementor-element elementor-element-da16064\" data-id=\"da16064\" data-element_type=\"column\" data-e-type=\"column\" data-settings=\"{&quot;_ob_bbad_is_stalker&quot;:&quot;no&quot;}\">\n\t\t\t<div class=\"elementor-widget-wrap elementor-element-populated\">\n\t\t\t\t\t\t<div class=\"elementor-element elementor-element-641db18 elementor-widget elementor-widget-spacer\" data-id=\"641db18\" data-element_type=\"widget\" data-e-type=\"widget\" data-settings=\"{&quot;_ob_widget_stalker_use&quot;:&quot;no&quot;}\" data-widget_type=\"spacer.default\">\n\t\t\t\t<div class=\"elementor-widget-container\">\n\t\t\t\t\t\t\t<div class=\"elementor-spacer\">\n\t\t\t<div class=\"elementor-spacer-inner\"><\/div>\n\t\t<\/div>\n\t\t\t\t\t\t<\/div>\n\t\t\t\t<\/div>\n\t\t\t\t\t<\/div>\n\t\t<\/div>\n\t\t\t\t\t<\/div>\n\t\t<\/section>\n\t\t\t\t<section class=\"ob-is-breaking-bad elementor-section elementor-top-section elementor-element elementor-element-9cedec1 elementor-section-boxed elementor-section-height-default elementor-section-height-default\" data-id=\"9cedec1\" data-element_type=\"section\" data-e-type=\"section\" data-settings=\"{&quot;jet_parallax_layout_list&quot;:[],&quot;_ob_bbad_use_it&quot;:&quot;yes&quot;,&quot;_ob_bbad_sssic_use&quot;:&quot;no&quot;}\">\n\t\t\t\t\t\t<div class=\"elementor-container elementor-column-gap-default\">\n\t\t\t\t\t<div class=\"elementor-column elementor-col-50 elementor-top-column elementor-element elementor-element-e4bba1b\" data-id=\"e4bba1b\" data-element_type=\"column\" data-e-type=\"column\" data-settings=\"{&quot;_ob_bbad_is_stalker&quot;:&quot;no&quot;}\">\n\t\t\t<div class=\"elementor-widget-wrap elementor-element-populated\">\n\t\t\t\t\t\t<div class=\"elementor-element elementor-element-a27b323 elementor-widget elementor-widget-heading\" data-id=\"a27b323\" data-element_type=\"widget\" data-e-type=\"widget\" data-settings=\"{&quot;_ob_widget_stalker_use&quot;:&quot;no&quot;}\" data-widget_type=\"heading.default\">\n\t\t\t\t<div class=\"elementor-widget-container\">\n\t\t\t\t\t<h2 class=\"elementor-heading-title elementor-size-default\">Participatory observation<\/h2>\t\t\t\t<\/div>\n\t\t\t\t<\/div>\n\t\t\t\t<div class=\"elementor-element elementor-element-e987c74 elementor-widget elementor-widget-text-editor\" data-id=\"e987c74\" data-element_type=\"widget\" data-e-type=\"widget\" data-settings=\"{&quot;_ob_widget_stalker_use&quot;:&quot;no&quot;}\" data-widget_type=\"text-editor.default\">\n\t\t\t\t<div class=\"elementor-widget-container\">\n\t\t\t\t\t\t\t\t\t<p>A total of 125 nomination events were scientifically observed, including 72 constituency and 53 state list nominations. Most of the meetings were randomly selected. In addition to the IParl team, 43 employees were also deployed.<\/p><p>You can find more information on the participatory observation of constellation meetings in the associated <a href=\"https:\/\/www.iparl.de\/wp-content\/uploads\/2025\/06\/Methodenbericht-Beobachtung_2020.pdf\">Method report<\/a>.<\/p>\t\t\t\t\t\t\t\t<\/div>\n\t\t\t\t<\/div>\n\t\t\t\t\t<\/div>\n\t\t<\/div>\n\t\t\t\t<div class=\"elementor-column elementor-col-50 elementor-top-column elementor-element elementor-element-96139c2\" data-id=\"96139c2\" data-element_type=\"column\" data-e-type=\"column\" data-settings=\"{&quot;_ob_bbad_is_stalker&quot;:&quot;no&quot;}\">\n\t\t\t<div class=\"elementor-widget-wrap elementor-element-populated\">\n\t\t\t\t\t\t<div class=\"elementor-element elementor-element-09fd488 elementor-widget elementor-widget-image\" data-id=\"09fd488\" data-element_type=\"widget\" data-e-type=\"widget\" data-settings=\"{&quot;_ob_widget_stalker_use&quot;:&quot;no&quot;}\" data-widget_type=\"image.default\">\n\t\t\t\t<div class=\"elementor-widget-container\">\n\t\t\t\t\t\t\t\t\t\t\t\t\t\t\t<img loading=\"lazy\" decoding=\"async\" width=\"800\" height=\"450\" src=\"https:\/\/www.iparl.de\/wp-content\/uploads\/2024\/12\/IMG-20161107-WA0002-1024x576.jpg\" class=\"attachment-large size-large wp-image-1567\" alt=\"\" srcset=\"https:\/\/www.iparl.de\/wp-content\/uploads\/2024\/12\/IMG-20161107-WA0002-1024x576.jpg 1024w, https:\/\/www.iparl.de\/wp-content\/uploads\/2024\/12\/IMG-20161107-WA0002-300x169.jpg 300w, https:\/\/www.iparl.de\/wp-content\/uploads\/2024\/12\/IMG-20161107-WA0002-768x432.jpg 768w, https:\/\/www.iparl.de\/wp-content\/uploads\/2024\/12\/IMG-20161107-WA0002-1536x864.jpg 1536w, https:\/\/www.iparl.de\/wp-content\/uploads\/2024\/12\/IMG-20161107-WA0002-18x10.jpg 18w, https:\/\/www.iparl.de\/wp-content\/uploads\/2024\/12\/IMG-20161107-WA0002.jpg 1600w\" sizes=\"(max-width: 800px) 100vw, 800px\" \/>\t\t\t\t\t\t\t\t\t\t\t\t\t\t\t<\/div>\n\t\t\t\t<\/div>\n\t\t\t\t\t<\/div>\n\t\t<\/div>\n\t\t\t\t\t<\/div>\n\t\t<\/section>\n\t\t\t\t<section class=\"ob-is-breaking-bad elementor-section elementor-top-section elementor-element elementor-element-3f07de9 elementor-section-boxed elementor-section-height-default elementor-section-height-default\" data-id=\"3f07de9\" data-element_type=\"section\" data-e-type=\"section\" data-settings=\"{&quot;jet_parallax_layout_list&quot;:[],&quot;_ob_bbad_use_it&quot;:&quot;yes&quot;,&quot;_ob_bbad_sssic_use&quot;:&quot;no&quot;}\">\n\t\t\t\t\t\t<div class=\"elementor-container elementor-column-gap-default\">\n\t\t\t\t\t<div class=\"elementor-column elementor-col-100 elementor-top-column elementor-element elementor-element-37231d7\" data-id=\"37231d7\" data-element_type=\"column\" data-e-type=\"column\" data-settings=\"{&quot;_ob_bbad_is_stalker&quot;:&quot;no&quot;}\">\n\t\t\t<div class=\"elementor-widget-wrap elementor-element-populated\">\n\t\t\t\t\t\t<div class=\"elementor-element elementor-element-4852aec elementor-widget elementor-widget-spacer\" data-id=\"4852aec\" data-element_type=\"widget\" data-e-type=\"widget\" data-settings=\"{&quot;_ob_widget_stalker_use&quot;:&quot;no&quot;}\" data-widget_type=\"spacer.default\">\n\t\t\t\t<div class=\"elementor-widget-container\">\n\t\t\t\t\t\t\t<div class=\"elementor-spacer\">\n\t\t\t<div class=\"elementor-spacer-inner\"><\/div>\n\t\t<\/div>\n\t\t\t\t\t\t<\/div>\n\t\t\t\t<\/div>\n\t\t\t\t\t<\/div>\n\t\t<\/div>\n\t\t\t\t\t<\/div>\n\t\t<\/section>\n\t\t\t\t<section class=\"ob-is-breaking-bad elementor-section elementor-top-section elementor-element elementor-element-5d210cb elementor-section-boxed elementor-section-height-default elementor-section-height-default\" data-id=\"5d210cb\" data-element_type=\"section\" data-e-type=\"section\" data-settings=\"{&quot;jet_parallax_layout_list&quot;:[],&quot;_ob_bbad_use_it&quot;:&quot;yes&quot;,&quot;_ob_bbad_sssic_use&quot;:&quot;no&quot;}\">\n\t\t\t\t\t\t<div class=\"elementor-container elementor-column-gap-default\">\n\t\t\t\t\t<div class=\"elementor-column elementor-col-50 elementor-top-column elementor-element elementor-element-8191ee3\" data-id=\"8191ee3\" data-element_type=\"column\" data-e-type=\"column\" data-settings=\"{&quot;_ob_bbad_is_stalker&quot;:&quot;no&quot;}\">\n\t\t\t<div class=\"elementor-widget-wrap elementor-element-populated\">\n\t\t\t\t\t\t<div class=\"elementor-element elementor-element-e99e62e elementor-widget elementor-widget-heading\" data-id=\"e99e62e\" data-element_type=\"widget\" data-e-type=\"widget\" data-settings=\"{&quot;_ob_widget_stalker_use&quot;:&quot;no&quot;}\" data-widget_type=\"heading.default\">\n\t\t\t\t<div class=\"elementor-widget-container\">\n\t\t\t\t\t<h2 class=\"elementor-heading-title elementor-size-default\">Media analysis<\/h2>\t\t\t\t<\/div>\n\t\t\t\t<\/div>\n\t\t\t\t<div class=\"elementor-element elementor-element-050f13b elementor-widget elementor-widget-text-editor\" data-id=\"050f13b\" data-element_type=\"widget\" data-e-type=\"widget\" data-settings=\"{&quot;_ob_widget_stalker_use&quot;:&quot;no&quot;}\" data-widget_type=\"text-editor.default\">\n\t\t\t\t<div class=\"elementor-widget-container\">\n\t\t\t\t\t\t\t\t\t<p>The media analysis catalogues press articles as supplementary sources of information on the 2017 Bundestag candidate line-up, allowing both additional information to be collected as part of in-depth studies and statements to be made on the number and type of reports. Over 700 articles have already been recorded and catalogued.<\/p>\t\t\t\t\t\t\t\t<\/div>\n\t\t\t\t<\/div>\n\t\t\t\t\t<\/div>\n\t\t<\/div>\n\t\t\t\t<div class=\"elementor-column elementor-col-50 elementor-top-column elementor-element elementor-element-b53629f\" data-id=\"b53629f\" data-element_type=\"column\" data-e-type=\"column\" data-settings=\"{&quot;_ob_bbad_is_stalker&quot;:&quot;no&quot;}\">\n\t\t\t<div class=\"elementor-widget-wrap elementor-element-populated\">\n\t\t\t\t\t\t<div class=\"elementor-element elementor-element-566c105 elementor-widget elementor-widget-heading\" data-id=\"566c105\" data-element_type=\"widget\" data-e-type=\"widget\" data-settings=\"{&quot;_ob_widget_stalker_use&quot;:&quot;no&quot;}\" data-widget_type=\"heading.default\">\n\t\t\t\t<div class=\"elementor-widget-container\">\n\t\t\t\t\t<h2 class=\"elementor-heading-title elementor-size-default\">Statute analysis<\/h2>\t\t\t\t<\/div>\n\t\t\t\t<\/div>\n\t\t\t\t<div class=\"elementor-element elementor-element-1a85dcc elementor-widget elementor-widget-text-editor\" data-id=\"1a85dcc\" data-element_type=\"widget\" data-e-type=\"widget\" data-settings=\"{&quot;_ob_widget_stalker_use&quot;:&quot;no&quot;}\" data-widget_type=\"text-editor.default\">\n\t\t\t\t<div class=\"elementor-widget-container\">\n\t\t\t\t\t\t\t\t\t<p>The analysis of the statutes analyses the parties' regulations on the nomination of candidates. For this purpose, not only the statutes themselves were analysed, but also all available written rules relating to the nomination of candidates by the parties at federal and state level (e.g. election regulations, rules of procedure, women's statutes). A total of 172 documents were analysed.<\/p>\t\t\t\t\t\t\t\t<\/div>\n\t\t\t\t<\/div>\n\t\t\t\t\t<\/div>\n\t\t<\/div>\n\t\t\t\t\t<\/div>\n\t\t<\/section>\n\t\t\t\t<\/div>","protected":false},"excerpt":{"rendered":"<p>Projekt \u00fcber die Kandidatenaufstellung zur Bundestagswahl 2017 Basis des Projekts ist die repr\u00e4sentative Befragung der Kandidierenden und der Delegierten beziehungsweise Parteimitglieder mit standardisierten Frageb\u00f6gen auf den Aufstellungsversammlungen in 104 Wahlkreisen und in 52 Landesverb\u00e4nden. Daf\u00fcr arbeiteten wir mit den Meinungsforschungsinstituten policy matters von Richard Hilmer und USUMA GmbH zusammen. Au\u00dferdem wurden teilnehmende Beobachtungen und Hintergrundgespr\u00e4che [&hellip;]<\/p>\n","protected":false},"author":5,"featured_media":0,"parent":219,"menu_order":0,"comment_status":"closed","ping_status":"closed","template":"","meta":{"_acf_changed":false,"footnotes":""},"class_list":["post-1545","page","type-page","status-publish","hentry"],"acf":[],"yoast_head":"<!-- This site is optimized with the Yoast SEO plugin v27.2 - https:\/\/yoast.com\/product\/yoast-seo-wordpress\/ -->\n<title>Studiendesign des Projekts \u00fcber die Kandidatenaufstellung zur Bundestagswahl 2017 - IParl<\/title>\n<meta name=\"robots\" content=\"index, follow, max-snippet:-1, max-image-preview:large, max-video-preview:-1\" \/>\n<link rel=\"canonical\" href=\"https:\/\/www.iparl.de\/en\/our-work\/research\/candidate-selection\/list-of-candidates\/list-of-candidates-3\/\" \/>\n<meta property=\"og:locale\" content=\"en_GB\" \/>\n<meta property=\"og:type\" content=\"article\" \/>\n<meta property=\"og:title\" content=\"Studiendesign des Projekts \u00fcber die Kandidatenaufstellung zur Bundestagswahl 2017 - IParl\" \/>\n<meta property=\"og:description\" content=\"Projekt \u00fcber die Kandidatenaufstellung zur Bundestagswahl 2017 Basis des Projekts ist die repr\u00e4sentative Befragung der Kandidierenden und der Delegierten beziehungsweise Parteimitglieder mit standardisierten Frageb\u00f6gen auf den Aufstellungsversammlungen in 104 Wahlkreisen und in 52 Landesverb\u00e4nden. Daf\u00fcr arbeiteten wir mit den Meinungsforschungsinstituten policy matters von Richard Hilmer und USUMA GmbH zusammen. Au\u00dferdem wurden teilnehmende Beobachtungen und Hintergrundgespr\u00e4che [&hellip;]\" \/>\n<meta property=\"og:url\" content=\"https:\/\/www.iparl.de\/en\/our-work\/research\/candidate-selection\/list-of-candidates\/list-of-candidates-3\/\" \/>\n<meta property=\"og:site_name\" content=\"IParl\" \/>\n<meta property=\"article:modified_time\" content=\"2025-06-25T08:59:38+00:00\" \/>\n<meta property=\"og:image\" content=\"https:\/\/www.iparl.de\/wp-content\/uploads\/2024\/12\/iparl-interaktive-deutschlandkarte.png\" \/>\n\t<meta property=\"og:image:width\" content=\"592\" \/>\n\t<meta property=\"og:image:height\" content=\"574\" \/>\n\t<meta property=\"og:image:type\" content=\"image\/png\" \/>\n<meta name=\"twitter:card\" content=\"summary_large_image\" \/>\n<meta name=\"twitter:label1\" content=\"Estimated reading time\" \/>\n\t<meta name=\"twitter:data1\" content=\"3 minutes\" \/>\n<script type=\"application\/ld+json\" class=\"yoast-schema-graph\">{\"@context\":\"https:\/\/schema.org\",\"@graph\":[{\"@type\":\"WebPage\",\"@id\":\"https:\/\/www.iparl.de\/unsere-arbeit\/forschung\/kandidatenaufstellung\/kandidatenaufstellung-2017\/studiendesign-des-projekts-uber-die-kandidatenaufstellung-zur-bundestagswahl-2017\/\",\"url\":\"https:\/\/www.iparl.de\/unsere-arbeit\/forschung\/kandidatenaufstellung\/kandidatenaufstellung-2017\/studiendesign-des-projekts-uber-die-kandidatenaufstellung-zur-bundestagswahl-2017\/\",\"name\":\"Studiendesign des Projekts \u00fcber die Kandidatenaufstellung zur Bundestagswahl 2017 - IParl\",\"isPartOf\":{\"@id\":\"https:\/\/www.iparl.de\/#website\"},\"primaryImageOfPage\":{\"@id\":\"https:\/\/www.iparl.de\/unsere-arbeit\/forschung\/kandidatenaufstellung\/kandidatenaufstellung-2017\/studiendesign-des-projekts-uber-die-kandidatenaufstellung-zur-bundestagswahl-2017\/#primaryimage\"},\"image\":{\"@id\":\"https:\/\/www.iparl.de\/unsere-arbeit\/forschung\/kandidatenaufstellung\/kandidatenaufstellung-2017\/studiendesign-des-projekts-uber-die-kandidatenaufstellung-zur-bundestagswahl-2017\/#primaryimage\"},\"thumbnailUrl\":\"https:\/\/www.iparl.de\/wp-content\/uploads\/2024\/12\/iparl-interaktive-deutschlandkarte-300x291.png\",\"datePublished\":\"2024-12-20T11:07:41+00:00\",\"dateModified\":\"2025-06-25T08:59:38+00:00\",\"breadcrumb\":{\"@id\":\"https:\/\/www.iparl.de\/unsere-arbeit\/forschung\/kandidatenaufstellung\/kandidatenaufstellung-2017\/studiendesign-des-projekts-uber-die-kandidatenaufstellung-zur-bundestagswahl-2017\/#breadcrumb\"},\"inLanguage\":\"en-GB\",\"potentialAction\":[{\"@type\":\"ReadAction\",\"target\":[\"https:\/\/www.iparl.de\/unsere-arbeit\/forschung\/kandidatenaufstellung\/kandidatenaufstellung-2017\/studiendesign-des-projekts-uber-die-kandidatenaufstellung-zur-bundestagswahl-2017\/\"]}]},{\"@type\":\"ImageObject\",\"inLanguage\":\"en-GB\",\"@id\":\"https:\/\/www.iparl.de\/unsere-arbeit\/forschung\/kandidatenaufstellung\/kandidatenaufstellung-2017\/studiendesign-des-projekts-uber-die-kandidatenaufstellung-zur-bundestagswahl-2017\/#primaryimage\",\"url\":\"https:\/\/www.iparl.de\/wp-content\/uploads\/2024\/12\/iparl-interaktive-deutschlandkarte-300x291.png\",\"contentUrl\":\"https:\/\/www.iparl.de\/wp-content\/uploads\/2024\/12\/iparl-interaktive-deutschlandkarte-300x291.png\"},{\"@type\":\"BreadcrumbList\",\"@id\":\"https:\/\/www.iparl.de\/unsere-arbeit\/forschung\/kandidatenaufstellung\/kandidatenaufstellung-2017\/studiendesign-des-projekts-uber-die-kandidatenaufstellung-zur-bundestagswahl-2017\/#breadcrumb\",\"itemListElement\":[{\"@type\":\"ListItem\",\"position\":1,\"name\":\"Startseite\",\"item\":\"https:\/\/www.iparl.de\/\"},{\"@type\":\"ListItem\",\"position\":2,\"name\":\"Unsere Arbeit\",\"item\":\"https:\/\/www.iparl.de\/unsere-arbeit\/\"},{\"@type\":\"ListItem\",\"position\":3,\"name\":\"Forschungsprojekte\",\"item\":\"https:\/\/www.iparl.de\/unsere-arbeit\/forschung\/\"},{\"@type\":\"ListItem\",\"position\":4,\"name\":\"Kandidatenaufstellung\",\"item\":\"https:\/\/www.iparl.de\/unsere-arbeit\/forschung\/kandidatenaufstellung\/\"},{\"@type\":\"ListItem\",\"position\":5,\"name\":\"Kandidatenaufstellung 2017\",\"item\":\"https:\/\/www.iparl.de\/unsere-arbeit\/forschung\/kandidatenaufstellung\/kandidatenaufstellung-2017\/\"},{\"@type\":\"ListItem\",\"position\":6,\"name\":\"Studiendesign des Projekts \u00fcber die Kandidatenaufstellung zur Bundestagswahl 2017\"}]},{\"@type\":\"WebSite\",\"@id\":\"https:\/\/www.iparl.de\/#website\",\"url\":\"https:\/\/www.iparl.de\/\",\"name\":\"IParl\",\"description\":\"Institut f\u00fcr Parlamentarismusforschung (IParl)\",\"potentialAction\":[{\"@type\":\"SearchAction\",\"target\":{\"@type\":\"EntryPoint\",\"urlTemplate\":\"https:\/\/www.iparl.de\/?s={search_term_string}\"},\"query-input\":{\"@type\":\"PropertyValueSpecification\",\"valueRequired\":true,\"valueName\":\"search_term_string\"}}],\"inLanguage\":\"en-GB\"}]}<\/script>\n<!-- \/ Yoast SEO plugin. -->","yoast_head_json":{"title":"Study design of the project on the candidate line-up for the 2017 Bundestag election - IParl","robots":{"index":"index","follow":"follow","max-snippet":"max-snippet:-1","max-image-preview":"max-image-preview:large","max-video-preview":"max-video-preview:-1"},"canonical":"https:\/\/www.iparl.de\/en\/our-work\/research\/candidate-selection\/list-of-candidates\/list-of-candidates-3\/","og_locale":"en_GB","og_type":"article","og_title":"Studiendesign des Projekts \u00fcber die Kandidatenaufstellung zur Bundestagswahl 2017 - IParl","og_description":"Projekt \u00fcber die Kandidatenaufstellung zur Bundestagswahl 2017 Basis des Projekts ist die repr\u00e4sentative Befragung der Kandidierenden und der Delegierten beziehungsweise Parteimitglieder mit standardisierten Frageb\u00f6gen auf den Aufstellungsversammlungen in 104 Wahlkreisen und in 52 Landesverb\u00e4nden. Daf\u00fcr arbeiteten wir mit den Meinungsforschungsinstituten policy matters von Richard Hilmer und USUMA GmbH zusammen. Au\u00dferdem wurden teilnehmende Beobachtungen und Hintergrundgespr\u00e4che [&hellip;]","og_url":"https:\/\/www.iparl.de\/en\/our-work\/research\/candidate-selection\/list-of-candidates\/list-of-candidates-3\/","og_site_name":"IParl","article_modified_time":"2025-06-25T08:59:38+00:00","og_image":[{"width":592,"height":574,"url":"https:\/\/www.iparl.de\/wp-content\/uploads\/2024\/12\/iparl-interaktive-deutschlandkarte.png","type":"image\/png"}],"twitter_card":"summary_large_image","twitter_misc":{"Estimated reading time":"3 minutes"},"schema":{"@context":"https:\/\/schema.org","@graph":[{"@type":"WebPage","@id":"https:\/\/www.iparl.de\/unsere-arbeit\/forschung\/kandidatenaufstellung\/kandidatenaufstellung-2017\/studiendesign-des-projekts-uber-die-kandidatenaufstellung-zur-bundestagswahl-2017\/","url":"https:\/\/www.iparl.de\/unsere-arbeit\/forschung\/kandidatenaufstellung\/kandidatenaufstellung-2017\/studiendesign-des-projekts-uber-die-kandidatenaufstellung-zur-bundestagswahl-2017\/","name":"Study design of the project on the candidate line-up for the 2017 Bundestag election - IParl","isPartOf":{"@id":"https:\/\/www.iparl.de\/#website"},"primaryImageOfPage":{"@id":"https:\/\/www.iparl.de\/unsere-arbeit\/forschung\/kandidatenaufstellung\/kandidatenaufstellung-2017\/studiendesign-des-projekts-uber-die-kandidatenaufstellung-zur-bundestagswahl-2017\/#primaryimage"},"image":{"@id":"https:\/\/www.iparl.de\/unsere-arbeit\/forschung\/kandidatenaufstellung\/kandidatenaufstellung-2017\/studiendesign-des-projekts-uber-die-kandidatenaufstellung-zur-bundestagswahl-2017\/#primaryimage"},"thumbnailUrl":"https:\/\/www.iparl.de\/wp-content\/uploads\/2024\/12\/iparl-interaktive-deutschlandkarte-300x291.png","datePublished":"2024-12-20T11:07:41+00:00","dateModified":"2025-06-25T08:59:38+00:00","breadcrumb":{"@id":"https:\/\/www.iparl.de\/unsere-arbeit\/forschung\/kandidatenaufstellung\/kandidatenaufstellung-2017\/studiendesign-des-projekts-uber-die-kandidatenaufstellung-zur-bundestagswahl-2017\/#breadcrumb"},"inLanguage":"en-GB","potentialAction":[{"@type":"ReadAction","target":["https:\/\/www.iparl.de\/unsere-arbeit\/forschung\/kandidatenaufstellung\/kandidatenaufstellung-2017\/studiendesign-des-projekts-uber-die-kandidatenaufstellung-zur-bundestagswahl-2017\/"]}]},{"@type":"ImageObject","inLanguage":"en-GB","@id":"https:\/\/www.iparl.de\/unsere-arbeit\/forschung\/kandidatenaufstellung\/kandidatenaufstellung-2017\/studiendesign-des-projekts-uber-die-kandidatenaufstellung-zur-bundestagswahl-2017\/#primaryimage","url":"https:\/\/www.iparl.de\/wp-content\/uploads\/2024\/12\/iparl-interaktive-deutschlandkarte-300x291.png","contentUrl":"https:\/\/www.iparl.de\/wp-content\/uploads\/2024\/12\/iparl-interaktive-deutschlandkarte-300x291.png"},{"@type":"BreadcrumbList","@id":"https:\/\/www.iparl.de\/unsere-arbeit\/forschung\/kandidatenaufstellung\/kandidatenaufstellung-2017\/studiendesign-des-projekts-uber-die-kandidatenaufstellung-zur-bundestagswahl-2017\/#breadcrumb","itemListElement":[{"@type":"ListItem","position":1,"name":"Startseite","item":"https:\/\/www.iparl.de\/"},{"@type":"ListItem","position":2,"name":"Unsere Arbeit","item":"https:\/\/www.iparl.de\/unsere-arbeit\/"},{"@type":"ListItem","position":3,"name":"Forschungsprojekte","item":"https:\/\/www.iparl.de\/unsere-arbeit\/forschung\/"},{"@type":"ListItem","position":4,"name":"Kandidatenaufstellung","item":"https:\/\/www.iparl.de\/unsere-arbeit\/forschung\/kandidatenaufstellung\/"},{"@type":"ListItem","position":5,"name":"Kandidatenaufstellung 2017","item":"https:\/\/www.iparl.de\/unsere-arbeit\/forschung\/kandidatenaufstellung\/kandidatenaufstellung-2017\/"},{"@type":"ListItem","position":6,"name":"Studiendesign des Projekts \u00fcber die Kandidatenaufstellung zur Bundestagswahl 2017"}]},{"@type":"WebSite","@id":"https:\/\/www.iparl.de\/#website","url":"https:\/\/www.iparl.de\/","name":"IParl","description":"Institute for Parliamentary Research (IParl)","potentialAction":[{"@type":"SearchAction","target":{"@type":"EntryPoint","urlTemplate":"https:\/\/www.iparl.de\/?s={search_term_string}"},"query-input":{"@type":"PropertyValueSpecification","valueRequired":true,"valueName":"search_term_string"}}],"inLanguage":"en-GB"}]}},"_links":{"self":[{"href":"https:\/\/www.iparl.de\/en\/wp-json\/wp\/v2\/pages\/1545","targetHints":{"allow":["GET"]}}],"collection":[{"href":"https:\/\/www.iparl.de\/en\/wp-json\/wp\/v2\/pages"}],"about":[{"href":"https:\/\/www.iparl.de\/en\/wp-json\/wp\/v2\/types\/page"}],"author":[{"embeddable":true,"href":"https:\/\/www.iparl.de\/en\/wp-json\/wp\/v2\/users\/5"}],"replies":[{"embeddable":true,"href":"https:\/\/www.iparl.de\/en\/wp-json\/wp\/v2\/comments?post=1545"}],"version-history":[{"count":3,"href":"https:\/\/www.iparl.de\/en\/wp-json\/wp\/v2\/pages\/1545\/revisions"}],"predecessor-version":[{"id":5532,"href":"https:\/\/www.iparl.de\/en\/wp-json\/wp\/v2\/pages\/1545\/revisions\/5532"}],"up":[{"embeddable":true,"href":"https:\/\/www.iparl.de\/en\/wp-json\/wp\/v2\/pages\/219"}],"wp:attachment":[{"href":"https:\/\/www.iparl.de\/en\/wp-json\/wp\/v2\/media?parent=1545"}],"curies":[{"name":"wp","href":"https:\/\/api.w.org\/{rel}","templated":true}]}}